{"id":29,"date":"2015-06-24T14:44:12","date_gmt":"2015-06-24T13:44:12","guid":{"rendered":"http:\/\/www.aerogroup.ch\/wordpress\/?page_id=29"},"modified":"2020-08-18T15:27:47","modified_gmt":"2020-08-18T14:27:47","slug":"entreprise","status":"publish","type":"page","link":"https:\/\/aerogroup.ch\/?page_id=29","title":{"rendered":"Entreprise"},"content":{"rendered":"<h6 id=\"prestations\">Nos prestations<\/h6>\n<p class=\"p2\">La maintenance d\u2019a\u00e9ronefs est un des services fondamentaux de notre entreprise qui est en pleine croissance. Elle est le reflet de notre excellence op\u00e9rationnelle, certifi\u00e9e aux normes europ\u00e9ennes EASA PART-145. Tous nos travaux d\u2019entretien s\u2019accomplissent dans des infrastructures et des \u00e9quipements r\u00e9cents.<\/p>\n<p class=\"p2\">Avec des centres d\u2019activit\u00e9 \u00e0 La Chaux-de-Fonds \u00abLes Eplatures Airport\u00bb et \u00e0 Colombier \u00abNeuch\u00e2tel Airport\u00bb<!-- et un atelier de t\u00f4lerie \u00e0 Granges \u00abGrenchen Airport\u00bb-->, nous sommes strat\u00e9giquement bien positionn\u00e9s en Europe par rapport \u00e0 des pays comme la France, l\u2019Allemagne, l\u2019Autriche ou l\u2019Italie. Notre appartenance \u00e0 l\u2019a\u00e9roport international des Eplatures, \u00e9quip\u00e9 IFR,\u00a0 nous permet d\u2019offrir \u00e0 notre client\u00e8le de l\u2019aviation priv\u00e9e, d\u2019affaire et commerciale l\u2019unique plate-forme a\u00e9rienne permanente du Jura franco-suisse. Un atout inestimable qui procure \u00e0 nos clients l\u2019opportunit\u00e9 de relier des centaines d\u2019a\u00e9roports europ\u00e9ens int\u00e9ressants.<\/p>\n<p class=\"p2\">Outre notre exp\u00e9rience dans l\u2019entretien a\u00e9ronautique, la r\u00e9paration et la r\u00e9fection d\u2019avions l\u00e9gers destin\u00e9 \u00e0 garantir la s\u00e9curit\u00e9 des appareils qui nous sont confi\u00e9s, nous garantissons une capacit\u00e9 de maintenance sp\u00e9cifique, sp\u00e9cialis\u00e9e et personnalis\u00e9e des a\u00e9ronefs mono et multi moteurs ainsi que l\u2019installation et la modification de syst\u00e8mes \u00e9lectriques et avioniques.<\/p>\n<p class=\"p2\">Dans nos ateliers, nous r\u00e9novons les avions pour leur donner une impulsion et un souffle nouveaux. Par le biais de notre r\u00e9seau, nous disposons \u00e9galement d\u2019une palette \u00e9largie de pi\u00e8ces d\u00e9tach\u00e9es que nous mettons \u00e0 votre disposition.<\/p>\n<h6 id=\"valeurs\">Nos valeurs<\/h6>\n<p class=\"p1\">La passion des a\u00e9ronefs et de tout ce qui y a trait est la pierre angulaire de notre groupe. Nous avons donc le privil\u00e8ge d\u2019exercer au quotidien des activit\u00e9s professionnelles que nous consid\u00e9rons particuli\u00e8rement gratifiantes.<\/p>\n<p class=\"p1\">Une \u00e9quipe de sp\u00e9cialistes, experts et qualifi\u00e9s,\u00a0 se relaient pour assurer la fiabilit\u00e9 de l\u2019entretien de nombreux types d\u2019avions et d\u2019offrir des moments inoubliables \u00e0 leurs utilisateurs, en toute s\u00e9curit\u00e9.<\/p>\n<p class=\"p1\">Une constante passion du d\u00e9tail nous permet d\u2019augmenter la dur\u00e9e de vie des appareils et perp\u00e9tue leurs performances.<\/p>\n<p class=\"p1\">Pour faciliter la vie de nos clients, nous leur offrons une r\u00e9activit\u00e9 en toutes circonstances.<\/p>\n<h6 id=\"equipe\">Notre \u00e9quipe<\/h6>\n<p>Notre \u00e9quipe est compos\u00e9e de\u00a0 professionnels aguerris \u00e0 la pratique de l\u2019a\u00e9ronautique, tout \u00e0 votre service:<\/p>\n<p class=\"p2\">Accountable Manager<\/p>\n<p class=\"p2\">Quality Manager<\/p>\n<p class=\"p2\">Maintenance Manager<\/p>\n<p class=\"p2\">Technical Manager (2)<\/p>\n<p class=\"p2\">Technicians (4)<\/p>\n<p class=\"p2\">Logistic Manager<\/p>\n<p class=\"p2\">Administration and HR Manager<\/p>\n<p class=\"p2\">Accounts Manager<\/p>\n<p>Aviation Avionics and Systems modification expert<\/p>\n<p class=\"p1\">En cas de besoin, notre \u00e9quipe de techniciens a\u00e9ronautiques intervient rapidement pour effectuer un d\u00e9pannage directement sur place gr\u00e2ce \u00e0 notre v\u00e9hicule de d\u00e9pannage largement \u00e9quip\u00e9.<\/p>\n<h6 id=\"partenaires\">Nos partenaires<\/h6>\n<h6><a href=\"http:\/\/www.sfsaviation.ch\" target=\"_blank\" rel=\"noopener noreferrer\"><img decoding=\"async\" class=\"alignnone size-medium wp-image-104\" src=\"http:\/\/www.aerogroup.ch\/wordpress\/wp-content\/uploads\/Capture-300x33.png\" alt=\"Capture\" width=\"300\" height=\"33\" srcset=\"https:\/\/aerogroup.ch\/wordpress\/wp-content\/uploads\/Capture-300x33.png 300w, https:\/\/aerogroup.ch\/wordpress\/wp-content\/uploads\/Capture.png 452w\" sizes=\"(max-width: 300px) 100vw, 300px\" \/><\/a><\/h6>\n<h6><a href=\"http:\/\/www.air-espace.net\" target=\"_blank\" rel=\"noopener noreferrer\"><img decoding=\"async\" class=\"alignnone size-full wp-image-103\" src=\"http:\/\/www.aerogroup.ch\/wordpress\/wp-content\/uploads\/Air-Espace.jpg\" alt=\"Air Espace\" width=\"193\" height=\"96\" \/><\/a><\/h6>\n<p><a href=\"http:\/\/www.gvmp.aero\" target=\"_blank\" rel=\"noopener noreferrer\"><img decoding=\"async\" class=\"alignnone size-medium wp-image-249\" src=\"http:\/\/aerogroup.ch\/wordpress\/wp-content\/uploads\/GVMP-300x59.png\" alt=\"\" width=\"300\" height=\"59\" srcset=\"https:\/\/aerogroup.ch\/wordpress\/wp-content\/uploads\/GVMP-300x59.png 300w, https:\/\/aerogroup.ch\/wordpress\/wp-content\/uploads\/GVMP-768x150.png 768w, https:\/\/aerogroup.ch\/wordpress\/wp-content\/uploads\/GVMP.png 945w\" sizes=\"(max-width: 300px) 100vw, 300px\" \/><\/a><\/p>\n<p><a href=\"https:\/\/www.svfb.ch\/\" target=\"_blank\" rel=\"noopener noreferrer\"><img loading=\"lazy\" decoding=\"async\" class=\"alignnone wp-image-436 size-full\" src=\"https:\/\/aerogroup.ch\/wordpress\/wp-content\/uploads\/LogoSVFB.png\" alt=\"\" width=\"200\" height=\"120\" \/><\/a><\/p>\n","protected":false},"excerpt":{"rendered":"<p>Nos prestations La maintenance d\u2019a\u00e9ronefs est un des services fondamentaux de notre entreprise qui est en pleine croissance. Elle est le reflet de notre excellence op\u00e9rationnelle, certifi\u00e9e aux normes europ\u00e9ennes EASA PART-145. Tous nos travaux d\u2019entretien s\u2019accomplissent dans des infrastructures et des \u00e9quipements r\u00e9cents. Avec des centres d\u2019activit\u00e9 \u00e0 La Chaux-de-Fonds \u00abLes Eplatures Airport\u00bb et &hellip; <a href=\"https:\/\/aerogroup.ch\/?page_id=29\" class=\"more-link\">Continuer la lecture de <span class=\"screen-reader-text\">Entreprise<\/span> <span class=\"meta-nav\">&rarr;<\/span><\/a><\/p>\n","protected":false},"author":1,"featured_media":0,"parent":10,"menu_order":0,"comment_status":"closed","ping_status":"closed","template":"template_1.php","meta":{"footnotes":""},"categories":[4],"tags":[],"class_list":["post-29","page","type-page","status-publish","hentry","category-modifiable"],"_links":{"self":[{"href":"https:\/\/aerogroup.ch\/index.php?rest_route=\/wp\/v2\/pages\/29","targetHints":{"allow":["GET"]}}],"collection":[{"href":"https:\/\/aerogroup.ch\/index.php?rest_route=\/wp\/v2\/pages"}],"about":[{"href":"https:\/\/aerogroup.ch\/index.php?rest_route=\/wp\/v2\/types\/page"}],"author":[{"embeddable":true,"href":"https:\/\/aerogroup.ch\/index.php?rest_route=\/wp\/v2\/users\/1"}],"replies":[{"embeddable":true,"href":"https:\/\/aerogroup.ch\/index.php?rest_route=%2Fwp%2Fv2%2Fcomments&post=29"}],"version-history":[{"count":27,"href":"https:\/\/aerogroup.ch\/index.php?rest_route=\/wp\/v2\/pages\/29\/revisions"}],"predecessor-version":[{"id":439,"href":"https:\/\/aerogroup.ch\/index.php?rest_route=\/wp\/v2\/pages\/29\/revisions\/439"}],"up":[{"embeddable":true,"href":"https:\/\/aerogroup.ch\/index.php?rest_route=\/wp\/v2\/pages\/10"}],"wp:attachment":[{"href":"https:\/\/aerogroup.ch\/index.php?rest_route=%2Fwp%2Fv2%2Fmedia&parent=29"}],"wp:term":[{"taxonomy":"category","embeddable":true,"href":"https:\/\/aerogroup.ch\/index.php?rest_route=%2Fwp%2Fv2%2Fcategories&post=29"},{"taxonomy":"post_tag","embeddable":true,"href":"https:\/\/aerogroup.ch\/index.php?rest_route=%2Fwp%2Fv2%2Ftags&post=29"}],"curies":[{"name":"wp","href":"https:\/\/api.w.org\/{rel}","templated":true}]}}